{"id":385718,"date":"2022-06-10T18:03:51","date_gmt":"2022-06-10T16:03:51","guid":{"rendered":"https:\/\/riviera-king-real-estate.com\/?page_id=385718"},"modified":"2022-06-11T09:43:10","modified_gmt":"2022-06-11T07:43:10","slug":"exposition4-artiste-peintre-cindy-wolsfeld","status":"publish","type":"page","link":"https:\/\/riviera-king-real-estate.com\/it\/mostra3-artista-pittore-salette-viana\/","title":{"rendered":"Mostra#4 Pittrice: Cindy Wolsfeld"},"content":{"rendered":"<div class=\"vc_row wpb_row vc_row-fluid\"><div class=\"wpb_column vc_column_container vc_col-sm-12\"><div class=\"vc_column-inner\"><div class=\"wpb_wrapper\"><div class=\"gel-heading gel-heading-style-02 text-center\">\n\t\t\t<div class=\"gel-heading-subtitle\">Artiste Peintre Cindy WOLSFELD<\/div>\n\t\t<h2 class=\"gel-heading-title\">\n\t\tExposition #4 - 25 Mars 2022 au 15 Juin - Entr\u00e9e Libre \/ Free Entry\t<\/h2>\n\t\t\t<p class=\"gel-heading-description gel-424faa01bc8d99d4e87a9a39c3c19243\">ART EXPOSITION OPENING \u2013 14 April 18h00-22h00<br \/>\nVERNISSAGE \u2013 VENDREDI -14 Avril 18h00 \u2013 22h00<br \/>\nRSVP: contact@riviera-king.com<br \/>\n1 RUE HENRY BIAIS 06230 VILLEFRANCHE-SUR-MER<\/p>\n\t<\/div><\/div><\/div><\/div><\/div><div class=\"vc_row wpb_row vc_row-fluid vc_custom_1645024899465 vc_row-o-content-middle vc_row-flex\"><div class=\"wpb_column vc_column_container vc_col-sm-12\"><div class=\"vc_column-inner\"><div class=\"wpb_wrapper\">\n\t<div  class=\"wpb_single_image wpb_content_element vc_align_center\">\n\t\t\n\t\t<figure class=\"wpb_wrapper vc_figure\">\n\t\t\t<div class=\"vc_single_image-wrapper   vc_box_border_grey\"><img loading=\"lazy\" decoding=\"async\" width=\"225\" height=\"300\" src=\"https:\/\/riviera-king-real-estate.com\/wp-content\/uploads\/2022\/06\/Cindy--225x300.jpg\" class=\"vc_single_image-img attachment-medium\" alt=\"\" srcset=\"https:\/\/riviera-king-real-estate.com\/wp-content\/uploads\/2022\/06\/Cindy--225x300.jpg 225w, https:\/\/riviera-king-real-estate.com\/wp-content\/uploads\/2022\/06\/Cindy--9x12.jpg 9w, https:\/\/riviera-king-real-estate.com\/wp-content\/uploads\/2022\/06\/Cindy-.jpg 462w\" sizes=\"auto, (max-width: 225px) 100vw, 225px\" \/><\/div>\n\t\t<\/figure>\n\t<\/div>\n<\/div><\/div><\/div><\/div><div class=\"vc_row wpb_row vc_row-fluid\"><div class=\"wpb_column vc_column_container vc_col-sm-12\"><div class=\"vc_column-inner\"><div class=\"wpb_wrapper\">\n\t<div class=\"wpb_text_column wpb_content_element\" >\n\t\t<div class=\"wpb_wrapper\">\n\t\t\t<p class=\"p1\"><b>BIOGRAFIA\u00a0 \u00a0<\/b><\/p>\n<p class=\"p1\"><b><i><span class=\"Apple-converted-space\">\u00a0<\/span>1953 &#8211; Born 0ct. 31, Aurora, Illinois USA. Rural Farm Childhood with Strict Catholic Parochial School Upbringing<\/i><\/b><\/p>\n<p class=\"p1\"><b><i>1974 &#8211; Dominican College &#8211; Bachelor of Art Major \/Education Minor<\/i><\/b><\/p>\n<p class=\"p1\"><b><i>1977<span class=\"Apple-converted-space\">\u00a0 <\/span>&#8211; Northern Illinois University Graduate School &#8211; Masters of Art Printmaking \/ Master of Fine Art Painting <span class=\"Apple-converted-space\">\u00a0<\/span><\/i><\/b><\/p>\n<p class=\"p1\">The mid-70&rsquo;s Art World was pervaded by a rebellious art movement, which went against academic oriented art objects, in favor of fleeting action oriented Performance Art which concentrated on issues of TIME, SPACE, &amp; IDEAS.<span class=\"Apple-converted-space\">\u00a0 <\/span>Cynthia\u2019s subject matter was \u201cCatholic Religious Rituals\u201d which prompted her to \u201cperform\u201d her art rather than just produce images. One example of her Performance Art was a personal New Orleans style funeral with live jazz music, her wearing a white wedding dress lying in a casket, eulogy reading for her \u201cnon death\u201d followed by guests paying their last respects to her and enjoying a final champagne toast.<span class=\"Apple-converted-space\">\u00a0<\/span><\/p>\n<p class=\"p3\"><b>Her dream was to live in NYC and Paris, for her, the art capitals of the world. The dream became a reality via her Performance Art when she was granted an art honorarium from Long Island University in New York, and she spent the next 15 years living and working in the New York City area. Of course, like most artists, life was a struggle, and so she started producing NYC cityscapes, which are still being sold by Ro Gallery, NY. This \u2018survival tactic\u2019 also helped her after moving to Paris in December 1993 with her soon to be husband, and then two adopted children. <\/b><span class=\"s1\"><b>She exhibited numerous times at the Salon des Artists Fran\u00e7ais along with a multitude of solo &amp; group shows in Paris &amp; its vicinity. <span class=\"Apple-converted-space\">\u00a0<\/span><\/b><\/span><\/p>\n<p class=\"p5\"><b>Twenty five years later, in an act of domestic vengeance, Cynthia lost her entire art collection. Trying to come to terms with this loss and discovering her newfound freedom as a divorcee with grown children she set off on exotic travels . One such travel lead her to the French Riviera in search of a new place to call \u201chome\u201d. She found it with the awe inspiring luminosity of the C\u00f4te d\u2019Azur, for a colorist such as she, it was all that was needed to rediscover her artistic talents.<\/b><\/p>\n<p class=\"p1\"><span class=\"s2\"><b>She fell in love with Villefranche-sur-Mer and her survival tactic of producing cityscapes was sparked again.<span class=\"Apple-converted-space\">\u00a0 <\/span>She <\/b><\/span><b>produced paintings<span class=\"Apple-converted-space\">\u00a0 <\/span>of Villefranche and now neighboring Nice, while she slowly heals from her artistic devastation and re-establishes her art career of which this exhibit is the debut.<\/b><\/p>\n\n\t\t<\/div>\n\t<\/div>\n<\/div><\/div><\/div><\/div><div data-g5element-full-width=\"true\" data-g5element-stretch-content=\"true\" class=\"vc_row wpb_row vc_row-fluid vc_custom_1645024843815 vc_row-o-content-middle vc_row-flex\"><div class=\"wpb_column vc_column_container vc_col-sm-12\"><div class=\"vc_column-inner\"><div class=\"wpb_wrapper\"><div class=\"g5element__gallery g5element__gallery-masonry-2\" data-isotope-wrapper=\"true\">\n\t\t\t<div data-items-container data-isotope-options='{\"itemSelector\":\".g5element__gallery-item\",\"layoutMode\":\"masonry\"}' class=\"g5element__gallery-inner row g5core__gutter-30 isotope\">\n\t\t\t<div class=\"g5core__gutter-item g5element__gallery-item col-xl-4 col-lg-4 col-md-4 col-sm-6 col-12\">\n    <div class=\"g5element__gallery-item-inner\" data-ratio=\"1x1\">\n            <div class=\"g5core__post-featured\">\n                <div style=\"background-image: url(https:\/\/riviera-king-real-estate.com\/wp-content\/uploads\/2022\/06\/al22_wolsfeld__DSC2423_web.jpg);\" class=\"g5core__entry-thumbnail g5core__embed-responsive g5core__image-size-1x1\"><\/div>\n                            <a data-g5core-mfp data-gallery-id=\"69f3bece5bbef\" href=\"https:\/\/riviera-king-real-estate.com\/wp-content\/uploads\/2022\/06\/al22_wolsfeld__DSC2423_web.jpg\"  class=\"g5core__zoom-image\"><i class=\"fas fa-expand\"><\/i><\/a>\n            <\/div>\n        <\/div>\n<\/div>\n<div class=\"g5core__gutter-item g5element__gallery-item col-xl-4 col-lg-4 col-md-4 col-sm-6 col-12\">\n    <div class=\"g5element__gallery-item-inner\" data-ratio=\"1x1.55\">\n            <div class=\"g5core__post-featured\">\n                <div style=\"background-image: url(https:\/\/riviera-king-real-estate.com\/wp-content\/uploads\/2022\/06\/al22_wolsfeld__DSC2425_web.jpg);\" class=\"g5core__entry-thumbnail g5core__embed-responsive g5core__image-size-1x1.55\"><\/div>\n                            <a data-g5core-mfp data-gallery-id=\"69f3bece5bbef\" href=\"https:\/\/riviera-king-real-estate.com\/wp-content\/uploads\/2022\/06\/al22_wolsfeld__DSC2425_web.jpg\"  class=\"g5core__zoom-image\"><i class=\"fas fa-expand\"><\/i><\/a>\n            <\/div>\n        <\/div>\n<\/div>\n<div class=\"g5core__gutter-item g5element__gallery-item col-xl-4 col-lg-4 col-md-4 col-sm-6 col-12\">\n    <div class=\"g5element__gallery-item-inner\" data-ratio=\"1x1\">\n            <div class=\"g5core__post-featured\">\n                <div style=\"background-image: url(https:\/\/riviera-king-real-estate.com\/wp-content\/uploads\/2022\/06\/al22_wolsfeld__DSC2427_web.jpg);\" class=\"g5core__entry-thumbnail g5core__embed-responsive g5core__image-size-1x1\"><\/div>\n                            <a data-g5core-mfp data-gallery-id=\"69f3bece5bbef\" href=\"https:\/\/riviera-king-real-estate.com\/wp-content\/uploads\/2022\/06\/al22_wolsfeld__DSC2427_web.jpg\"  class=\"g5core__zoom-image\"><i class=\"fas fa-expand\"><\/i><\/a>\n            <\/div>\n        <\/div>\n<\/div>\n<div class=\"g5core__gutter-item g5element__gallery-item col-xl-4 col-lg-4 col-md-4 col-sm-6 col-12\">\n    <div class=\"g5element__gallery-item-inner\" data-ratio=\"1x1.55\">\n            <div class=\"g5core__post-featured\">\n                <div style=\"background-image: url(https:\/\/riviera-king-real-estate.com\/wp-content\/uploads\/2022\/06\/al22_wolsfeld__DSC2435_web.jpg);\" class=\"g5core__entry-thumbnail g5core__embed-responsive g5core__image-size-1x1.55\"><\/div>\n                            <a data-g5core-mfp data-gallery-id=\"69f3bece5bbef\" href=\"https:\/\/riviera-king-real-estate.com\/wp-content\/uploads\/2022\/06\/al22_wolsfeld__DSC2435_web.jpg\"  class=\"g5core__zoom-image\"><i class=\"fas fa-expand\"><\/i><\/a>\n            <\/div>\n        <\/div>\n<\/div>\n<div class=\"g5core__gutter-item g5element__gallery-item col-xl-4 col-lg-4 col-md-4 col-sm-6 col-12\">\n    <div class=\"g5element__gallery-item-inner\" data-ratio=\"1x1.55\">\n            <div class=\"g5core__post-featured\">\n                <div style=\"background-image: url(https:\/\/riviera-king-real-estate.com\/wp-content\/uploads\/2022\/06\/al22_wolsfeld__DSC2439_web.jpg);\" class=\"g5core__entry-thumbnail g5core__embed-responsive g5core__image-size-1x1.55\"><\/div>\n                            <a data-g5core-mfp data-gallery-id=\"69f3bece5bbef\" href=\"https:\/\/riviera-king-real-estate.com\/wp-content\/uploads\/2022\/06\/al22_wolsfeld__DSC2439_web.jpg\"  class=\"g5core__zoom-image\"><i class=\"fas fa-expand\"><\/i><\/a>\n            <\/div>\n        <\/div>\n<\/div>\n<div class=\"g5core__gutter-item g5element__gallery-item col-xl-4 col-lg-4 col-md-4 col-sm-6 col-12\">\n    <div class=\"g5element__gallery-item-inner\" data-ratio=\"1x1\">\n            <div class=\"g5core__post-featured\">\n                <div style=\"background-image: url(https:\/\/riviera-king-real-estate.com\/wp-content\/uploads\/2022\/06\/al22_wolsfeld__DSC2446_web.jpg);\" class=\"g5core__entry-thumbnail g5core__embed-responsive g5core__image-size-1x1\"><\/div>\n                            <a data-g5core-mfp data-gallery-id=\"69f3bece5bbef\" href=\"https:\/\/riviera-king-real-estate.com\/wp-content\/uploads\/2022\/06\/al22_wolsfeld__DSC2446_web.jpg\"  class=\"g5core__zoom-image\"><i class=\"fas fa-expand\"><\/i><\/a>\n            <\/div>\n        <\/div>\n<\/div>\n<div class=\"g5core__gutter-item g5element__gallery-item col-xl-4 col-lg-4 col-md-4 col-sm-6 col-12\">\n    <div class=\"g5element__gallery-item-inner\" data-ratio=\"1x1\">\n            <div class=\"g5core__post-featured\">\n                <div style=\"background-image: url(https:\/\/riviera-king-real-estate.com\/wp-content\/uploads\/2022\/06\/al22_wolsfeld__DSC2449_web.jpg);\" class=\"g5core__entry-thumbnail g5core__embed-responsive g5core__image-size-1x1\"><\/div>\n                            <a data-g5core-mfp data-gallery-id=\"69f3bece5bbef\" href=\"https:\/\/riviera-king-real-estate.com\/wp-content\/uploads\/2022\/06\/al22_wolsfeld__DSC2449_web.jpg\"  class=\"g5core__zoom-image\"><i class=\"fas fa-expand\"><\/i><\/a>\n            <\/div>\n        <\/div>\n<\/div>\n<div class=\"g5core__gutter-item g5element__gallery-item col-xl-4 col-lg-4 col-md-4 col-sm-6 col-12\">\n    <div class=\"g5element__gallery-item-inner\" data-ratio=\"1x1.55\">\n            <div class=\"g5core__post-featured\">\n                <div style=\"background-image: url(https:\/\/riviera-king-real-estate.com\/wp-content\/uploads\/2022\/06\/al22_wolsfeld__DSC2455_web.jpg);\" class=\"g5core__entry-thumbnail g5core__embed-responsive g5core__image-size-1x1.55\"><\/div>\n                            <a data-g5core-mfp data-gallery-id=\"69f3bece5bbef\" href=\"https:\/\/riviera-king-real-estate.com\/wp-content\/uploads\/2022\/06\/al22_wolsfeld__DSC2455_web.jpg\"  class=\"g5core__zoom-image\"><i class=\"fas fa-expand\"><\/i><\/a>\n            <\/div>\n        <\/div>\n<\/div>\n<div class=\"g5core__gutter-item g5element__gallery-item col-xl-4 col-lg-4 col-md-4 col-sm-6 col-12\">\n    <div class=\"g5element__gallery-item-inner\" data-ratio=\"1x1\">\n            <div class=\"g5core__post-featured\">\n                <div style=\"background-image: url(https:\/\/riviera-king-real-estate.com\/wp-content\/uploads\/2022\/06\/al22_wolsfeld__DSC2456_web.jpg);\" class=\"g5core__entry-thumbnail g5core__embed-responsive g5core__image-size-1x1\"><\/div>\n                            <a data-g5core-mfp data-gallery-id=\"69f3bece5bbef\" href=\"https:\/\/riviera-king-real-estate.com\/wp-content\/uploads\/2022\/06\/al22_wolsfeld__DSC2456_web.jpg\"  class=\"g5core__zoom-image\"><i class=\"fas fa-expand\"><\/i><\/a>\n            <\/div>\n        <\/div>\n<\/div>\n<div class=\"g5core__gutter-item g5element__gallery-item col-xl-4 col-lg-4 col-md-4 col-sm-6 col-12\">\n    <div class=\"g5element__gallery-item-inner\" data-ratio=\"1x1.55\">\n            <div class=\"g5core__post-featured\">\n                <div style=\"background-image: url(https:\/\/riviera-king-real-estate.com\/wp-content\/uploads\/2022\/06\/al22_wolsfeld__DSC2462_web.jpg);\" class=\"g5core__entry-thumbnail g5core__embed-responsive g5core__image-size-1x1.55\"><\/div>\n                            <a data-g5core-mfp data-gallery-id=\"69f3bece5bbef\" href=\"https:\/\/riviera-king-real-estate.com\/wp-content\/uploads\/2022\/06\/al22_wolsfeld__DSC2462_web.jpg\"  class=\"g5core__zoom-image\"><i class=\"fas fa-expand\"><\/i><\/a>\n            <\/div>\n        <\/div>\n<\/div>\n\t\t<\/div>\n\t<\/div>\n\n\n<\/div><\/div><\/div><\/div><div class=\"vc_row-full-width vc_clearfix\"><\/div><div class=\"vc_row wpb_row vc_row-fluid\"><div class=\"wpb_column vc_column_container vc_col-sm-12 vc_col-has-fill\"><div class=\"vc_column-inner vc_custom_1645024623638\"><div class=\"wpb_wrapper\"><div class=\"gel-heading gel-heading-style-01 vc_custom_1654876704904 text-left\">\n\t\t<h2 class=\"gel-heading-title\">\n\t\tVisita virtuale\t<\/h2>\n\t<\/div>\n\t<div class=\"wpb_text_column wpb_content_element\" >\n\t\t<div class=\"wpb_wrapper\">\n\t\t\t<p><a href=\"https:\/\/nodalview.com\/s\/2XD_Mo0ArFPhYv8NCVkDV2\">C&rsquo;est par ici &#8230;.<\/a><\/p>\n\n\t\t<\/div>\n\t<\/div>\n<\/div><\/div><\/div><div class=\"wpb_column vc_column_container vc_col-sm-12\"><div class=\"vc_column-inner\"><div class=\"wpb_wrapper\"><div class=\"gel-heading gel-heading-style-01 vc_custom_1645024647238 text-left\">\n\t\t<h2 class=\"gel-heading-title\">\n\t\tMostre principali\t<\/h2>\n\t<\/div>\n\t<div class=\"wpb_text_column wpb_content_element\" >\n\t\t<div class=\"wpb_wrapper\">\n\t\t\t<p class=\"p1\">2018 <span class=\"Apple-converted-space\">\u00a0 \u00a0 <\/span>&#8211; 86e Salon de la Soci\u00e9t\u00e9 Artistique d\u2019Etampes<\/p>\n<p>2016.<span class=\"Apple-converted-space\">\u00a0 \u00a0 <\/span>&#8211; H\u00f4tel Anne-de-Pisseleu et Mus\u00e9e Intercommunal<span class=\"Apple-converted-space\">\u00a0 <\/span>de la ville d\u2019Etampes (deux expositions)<\/p>\n<p class=\"p1\">2016 &#8211; Repr\u00e9sent\u00e9 par Ro Gallery, Long Island City, New York<span class=\"Apple-converted-space\">\u00a0<\/span><\/p>\n<p class=\"p3\"><span class=\"Apple-converted-space\">\u00a0 <\/span>Collections Priv\u00e9es et Commandes Personnelles<\/p>\n<p class=\"p4\">-1998 <span class=\"Apple-converted-space\">\u00a0 \u00a0<\/span><\/p>\n<ol class=\"ol1\">\n<li class=\"li1\">&#8211; Repr\u00e9sent\u00e9<span class=\"Apple-converted-space\">\u00a0 <\/span>par <i>Powell Street Gallery<\/i>\u00a0, San Francisco, CA, USA<\/li>\n<\/ol>\n<p class=\"p5\">&#8211; <i>Soci\u00e9t\u00e9 des Artistes Fran\u00e7ais<\/i>, Salon \u201997, Espace Eiffel-Branly, Paris\u00a0, France<\/p>\n<ol class=\"ol1\">\n<li class=\"li1\">&#8211; <i>Galerie M.G. Lorette<\/i>, l\u2019Ile Saint Louis, Paris\u00a0, France, (exposition personnelle)<\/li>\n<\/ol>\n<p class=\"p5\"><i>&#8211; Maison des Jeunes et de la Culture<\/i> de Sceaux\u00a0, France, (exposition personnelle)<\/p>\n<p class=\"p5\">&#8211; <i>Hotel California<\/i>, Paris, France, (exposition personnelle)<\/p>\n<p class=\"p5\">&#8211; <i>Stardom Gallery<\/i>, Paris, France\u00a0, (exposition groupe)<\/p>\n<p class=\"p5\">&#8211; <i>Soci\u00e9t\u00e9 des Artistes Fran\u00e7ais<\/i>, Salon 1995-96, l\u2019Univers des Arts, Juin 1996<\/p>\n<ol class=\"ol1\">\n<li class=\"li1\">&#8211; <i>Soci\u00e9t\u00e9 des Artistes Fran\u00e7ais<\/i>, Salon 1994, Espace Eiffel-Branly, Paris, France<\/li>\n<\/ol>\n<ol class=\"ol1\">\n<li class=\"li1\">&#8211; <i>Soci\u00e9t\u00e9 des Artistes Fran\u00e7ais<\/i>, Salon 1993, Grand Palais, Paris, France<\/li>\n<\/ol>\n<p class=\"p5\">&#8211; <i>The Bruce Museum<\/i>, Festival d\u2019Art en ext\u00e9rieurs, Greenwich, CT, USA<\/p>\n<p class=\"p5\"><span class=\"Apple-converted-space\">\u00a0\u00a0 <\/span>(exposition groupe)<\/p>\n<p class=\"p5\">&#8211; <i>Mercy College<\/i>, White Plaines Campus, NY, USA (exposition personnelle)<\/p>\n<p class=\"p5\">&#8211; <i>The Greenwich Art Society<\/i>, Greenwich, CT, USA (exposition personnelle)<\/p>\n<p class=\"p5\">&#8211; <i>The Greenwich Arts Council<\/i>, Greenwich, CT, USA (exposition groupe)<\/p>\n<ol class=\"ol1\">\n<li class=\"li1\">&#8211; <i>The Greenwich Art Society<\/i>, Greenwich, CT, USA<\/li>\n<\/ol>\n<p class=\"p5\"><span class=\"Apple-converted-space\">\u00a0\u00a0 <\/span>(75<span class=\"s1\"><sup>\u00e9m\u00e9 <\/sup><\/span>exposition annuelle avec jury)<\/p>\n<p class=\"p1\">1991 <i>&#8211; 13<\/i><span class=\"s1\"><i><sup>th<\/sup><\/i><\/span><i> Annual International Art<\/i> <i>Expo<\/i>, Centre Jacob Javits de la<span class=\"Apple-converted-space\">\u00a0 <\/span>ville<span class=\"Apple-converted-space\">\u00a0<\/span><\/p>\n<p class=\"p1\"><span class=\"Apple-converted-space\">\u00a0 \u00a0 \u00a0 \u00a0 \u00a0 \u00a0 \u00a0 <\/span>de New York (NYC), USA<\/p>\n<ol class=\"ol1\">\n<li class=\"li1\">&#8211; <i>Le Figaro Caf\u00e9<\/i>\u00a0; 153 Bleeker St., Greenwich Village, NYC, USA (exposition<\/li>\n<\/ol>\n<p class=\"p1\"><span class=\"s2\">-1989\u00a0 <span class=\"Apple-converted-space\">\u00a0 <\/span><\/span>personelle), dessin sous commission et publication d\u2019affiche<\/p>\n<ol class=\"ol1\">\n<li class=\"li1\">&#8211;<span class=\"Apple-converted-space\">\u00a0 <\/span><i>10<\/i><span class=\"s1\"><i><sup>th<\/sup><\/i><\/span><i> Annual International Art Expo<\/i>, repr\u00e9sent\u00e9 par Strictly Ltd. Editions,<span class=\"Apple-converted-space\">\u00a0<\/span><\/li>\n<\/ol>\n<p class=\"p7\"><span class=\"Apple-converted-space\">\u00a0\u00a0 <\/span>Centre Jacob Javits de NYC, USA<\/p>\n<p class=\"p7\">&#8211; <i>Le Figaro Caf\u00e9<\/i>, Greenwich Village, NYC, USA (exposition personelle)<\/p>\n<ol class=\"ol1\">\n<li class=\"li1\">\u2013 <i>9<\/i><span class=\"s1\"><i><sup>th<\/sup><\/i><\/span><i> Annual International Art Expo<\/i>, Centre Jacob Javits de NYC, USA<\/li>\n<\/ol>\n<p class=\"p5\">&#8211; <i>Fairfield County Woman<\/i>, 5<span class=\"s1\"><sup>\u00e8me<\/sup><\/span><span class=\"Apple-converted-space\">\u00a0 <\/span>exposition anniversaire du journal avec jury,<\/p>\n<p class=\"p5\"><span class=\"Apple-converted-space\">\u00a0\u00a0 <\/span>et publication d\u2019une interview, <i>Stamford Metro Center<\/i>, Stamford, CT, USA<\/p>\n<p class=\"p1\">&#8211; <i>Trumbull Gallery<\/i>, Trumbull, CT, USA (exposition personnelle)<\/p>\n<p class=\"p1\">&#8211; <i>Westport Nature Center<\/i>, Festival Artistique Annuel avec jury\u00a0; Westport, CT, USA<\/p>\n<p class=\"p1\">&#8211; <i>Le Figaro Caf\u00e9<\/i>, Greenwich Village\u00a0; NYC, USA (exposition personnelle)<\/p>\n<ol class=\"ol1\">\n<li class=\"li8\">&#8211;<span class=\"Apple-converted-space\">\u00a0 <\/span><i>8<\/i><span class=\"s1\"><i><sup>th<\/sup><\/i><\/span><i> Annual International Art Expo<\/i>, Centre Jacob Javits de NYC, USA<\/li>\n<\/ol>\n<p class=\"p9\">&#8211; Publication d\u2019une brochure promotionnelle en couleurs de 6 pages<\/p>\n<p class=\"p10\">&#8211; <i>Le Figaro Caf\u00e9<\/i>, Greenwich Village, NYC, USA (exposition personnelle)<\/p>\n<ol class=\"ol1\">\n<li class=\"li8\">&#8211; <i>Art Buyers Caravan Show<\/i>, Los Angeles, CA, USA.<span class=\"Apple-converted-space\">\u00a0 <\/span>Repr\u00e9sent\u00e9 par<\/li>\n<\/ol>\n<p class=\"p12\"><span class=\"Apple-converted-space\">\u00a0\u00a0 <\/span><i>Carla Jean &amp; Associates<\/i><\/p>\n<p class=\"p8\">&#8211; Publication de deux affiches, <i>New York Stock Exchange<\/i>\u00a0 e<span class=\"Apple-converted-space\">\u00a0 <\/span><i>Taxi!\u00a0\/Times Square<\/i><\/p>\n<p class=\"p13\">&#8211; <i>Biblioth\u00e8que Publique de Jersey City<\/i>, Jersey City, NJ, USA (exposition personnelle)<span class=\"Apple-converted-space\">\u00a0<\/span><\/p>\n<ol class=\"ol1\">\n<li class=\"li8\">&#8211; Encarts pleine page en couleurs parus dans <i>Decor Magazine<\/i> (N<span class=\"s1\"><sup>os <\/sup><\/span>de mars<span class=\"Apple-converted-space\">\u00a0<\/span><\/li>\n<\/ol>\n<p class=\"p9\"><span class=\"Apple-converted-space\">\u00a0\u00a0 <\/span>et novembre), repr\u00e9sent\u00e9 par <i>Carla Jean &amp; Associates<\/i><\/p>\n<p class=\"p13\">&#8211; <i>Dallas Art Expo<\/i>, Dallas, TX, USA, repr\u00e9sent\u00e9<span class=\"Apple-converted-space\">\u00a0 <\/span>par <i>Carla Jean &amp; Associates<\/i><\/p>\n<ol class=\"ol1\">\n<li class=\"li8\">&#8211; <i>Washington Square<\/i>, exposition printani\u00e8re en ext\u00e9rieurs avec jury,\u00a0NYC, USA<\/li>\n<\/ol>\n<p class=\"p13\">&#8211; <i>Central Park<\/i>, exposition automnale en ext\u00e9rieurs, NYC, USA<\/p>\n<p class=\"p13\">&#8211; <i>Dallas Art Expo<\/i>, Dallas, TX, USA, repr\u00e9sent\u00e9 par Carla Jean &amp; Associates<\/p>\n<p class=\"p13\">&#8211; <i>Le Figaro Caf\u00e9<\/i>, Greenwich Village, NYC, USA (exposition personnelle)<\/p>\n<ol class=\"ol1\">\n<li class=\"li8\">&#8211; <i>Washington Square<\/i>, exposition printani\u00e8re en ext\u00e9rieurs avec jury, NYC, USA<\/li>\n<\/ol>\n<ul class=\"ul1\">\n<li class=\"li8\"><i>New Artist Presentation<\/i>, Madison Square Garden, NYC, USA<\/li>\n<\/ul>\n<p class=\"p8\">1981 &#8211; <i>20<\/i><span class=\"s1\"><i><sup>th<\/sup><\/i><\/span><i> Annual Festival Maurice Podell<\/i>, Long Branch, NJ, USA<\/p>\n<ol class=\"ol1\">\n<li class=\"li8\">&#8211; <i>Repr\u00e9sentation th\u00e9\u00e2trale<\/i> sous commission, Long Island University, Brooklyn Center,<\/li>\n<\/ol>\n<p class=\"p12\"><span class=\"Apple-converted-space\">\u00a0\u00a0 <\/span>Brooklyn, NY, USA<\/p>\n<p class=\"p13\">&#8211; <i>Humanities Gallery<\/i>, Long Island University, Brooklyn Center, Brooklyn, NY, USA<\/p>\n<p class=\"p13\"><span class=\"Apple-converted-space\">\u00a0\u00a0 <\/span>(exposition personnelle)<\/p>\n<p class=\"p13\">&#8211; <i>Woman Art Gallery<\/i>, 41 W. 57<span class=\"s1\"><sup>th<\/sup><\/span> St., NYC, USA (exposition conceptuelle)<\/p>\n<ol class=\"ol1\">\n<li class=\"li8\">&#8211; <i>Repr\u00e9sentation th\u00e9\u00e2trale<\/i> sous commission, Northern Illinois University,<span class=\"Apple-converted-space\">\u00a0<\/span><\/li>\n<\/ol>\n<p class=\"p9\"><span class=\"Apple-converted-space\">\u00a0\u00a0 <\/span>Dekalb, IL, USA<\/p>\n<p class=\"p13\">&#8211; Publication dans <i>Towers<\/i>\u00a0; magasine litt\u00e9raire des \u00e9tudiants de Northern Illinois<\/p>\n<p class=\"p8\"><span class=\"Apple-converted-space\">\u00a0 <\/span>University, Dekalb, IL, USA<\/p>\n<p class=\"p13\">&#8211; <i>Anderson Fine Arts Center<\/i>, exposition hivernale avec jury, Anderson, IN, USA<\/p>\n<ol class=\"ol1\">\n<li class=\"li8\">&#8211; <i>Graduate Gallery<\/i>, <i>Northern Illinois University<\/i>, Dekalb, IL, USA, Exposition et<\/li>\n<\/ol>\n<p class=\"p12\"><span class=\"Apple-converted-space\">\u00a0\u00a0 <\/span>Repr\u00e9sentation des Master of Fine Arts (exposition personnelle)<\/p>\n<p class=\"p13\">&#8211; <i>Burpee Museum<\/i>, <i>\u00ab\u00a015 Exhibition\u00a0\u00bb,<span class=\"Apple-converted-space\">\u00a0<\/span><\/i> Northern Illinois University, Rockford, IL, USA<\/p>\n<p class=\"p13\">&#8211; <i>16<\/i><span class=\"s1\"><i><sup>th<\/sup><\/i><\/span><i> Bradley National Exposition<\/i>, s\u00e9rigraphies et dessins\u00a0; avec jury, Peoria, IL, USA<\/p>\n<p class=\"p13\">&#8211; <i>Freeport Museum<\/i>,<span class=\"Apple-converted-space\">\u00a0 <\/span>Northern Illinois University, exposition avec jury, Freeport, IL, USA<span class=\"Apple-converted-space\">\u00a0<\/span><\/p>\n<p class=\"p13\">&#8211; <i>20<\/i><span class=\"s1\"><i><sup>th<\/sup><\/i><\/span><i> Beloit &amp; Vicinity Exposition<\/i>, Wright Art Center, Beloit College, Beloit, WI, USA<\/p>\n<ol class=\"ol1\">\n<li class=\"li8\">1976.- <i>Holmes Student Center\u00a0Gallery<\/i>, <i>Northern Illinois University<\/i>, Dekalb, IL, USA<\/li>\n<\/ol>\n<p class=\"p12\"><span class=\"Apple-converted-space\">\u00a0\u00a0 <\/span>Exposition et Repr\u00e9sentation des Master of Arts (exposition personnelle)<\/p>\n<p class=\"p13\"><i>&#8211; \u00ab\u00a0Celebration \u201876\u00a0\u00bb, <\/i>Exposition Nationale des Etudiants Gradu\u00e9s, avec jury<\/p>\n<p class=\"p13\"><span class=\"Apple-converted-space\">\u00a0\u00a0 <\/span>Northen Illinois University, Dekalb, IL, USA<\/p>\n<p class=\"p13\">&#8211; <i>19<\/i><span class=\"s1\"><i><sup>th<\/sup><\/i><\/span><i> Beloit &amp; Vicinity Exposition<\/i>, Wright Art Center, Beloit College, Beloit, WI, USA<\/p>\n<ol class=\"ol1\">\n<li class=\"li8\"><i>&#8211; Dominican College Art Gallery<\/i>, Exposition des Bachelors of Arts, Racine\u00a0; WI,<span class=\"Apple-converted-space\">\u00a0<\/span><\/li>\n<\/ol>\n<p class=\"p12\"><span class=\"Apple-converted-space\">\u00a0\u00a0 <\/span>USA (exposition personnelle)<\/p>\n<p class=\"p8\"><b>COLLECTIONS INSTITUTION<\/b><\/p>\n<p class=\"p13\">&#8211;<i>New York Stock Exchange<\/i> (Bourse de New York) Archives Dept. &amp; Marketing<span class=\"Apple-converted-space\">\u00a0<\/span><\/p>\n<p class=\"p13\"><span class=\"Apple-converted-space\">\u00a0\u00a0 <\/span>Dept., NYC, USA<\/p>\n<p class=\"p13\">&#8211; <i>The Chubb Group<\/i>, 1211 Avenue of the Americas, NYC, USA<\/p>\n<p class=\"p13\"><i>&#8211; Coca-Cola Archives Dept<\/i>.&amp; Executives, Atlanta, GA, Greenwich, CT, et NYC, USA<\/p>\n<p class=\"p13\">&#8211; <i>Viacom International<\/i>\u00a0; 48<span class=\"s1\"><sup>th<\/sup><\/span> &amp; 6<span class=\"s1\"><sup>th<\/sup><\/span> Ave., NYC, USA<\/p>\n<p class=\"p13\">&#8211; <i>New York Life Insurance Co<\/i>., 3 Manhattanville Rd., Purchase, NY<\/p>\n<p class=\"p13\">&#8211; <i>Castro Convertibles<\/i>, Quail Hill Road, Lloyds Harbor, NY, USA<\/p>\n<p class=\"p13\">&#8211; <i>Mercy College<\/i>, White Plains Campus, NY, USA<\/p>\n<p class=\"p13\">&#8211; <i>Lily of France<\/i>, Madison Avenue, NYC, USA<\/p>\n<p class=\"p8\"><b>BIBLIOGRAPHIE ET PARUTION<\/b><\/p>\n<p class=\"p15\"><span class=\"Apple-converted-space\">\u00a0<\/span><\/p>\n<p class=\"p13\"><i>Art Business News, Decor Magazine, New York Times, Jersey Journal,<\/i><\/p>\n<p class=\"p16\"><i><span class=\"Apple-converted-space\">\u00a0<\/span>Greenwich Times, Fairfield County Woman, Northern Star, l\u2019Univers des Arts<\/i><\/p>\n<p class=\"p8\"><b>PRIX ET DISTINCTIONS<\/b><\/p>\n<ol class=\"ol1\">\n<li class=\"li1\">1992.- <b>Prix Randolph Chitwood<\/b>, The Greenwich Art Society, Greenwich, CT, USA<\/li>\n<\/ol>\n<ol class=\"ol1\">\n<li class=\"li1\">&#8211; <b>Certificat d\u2019Appr\u00e9ciation<\/b>, Commission des Arts Culturels de Jersey City, NJ, USA<\/li>\n<\/ol>\n<ol class=\"ol1\">\n<li class=\"li1\">&#8211; <b>Premi\u00e8re Mention Honorable<\/b> <b>en Graphisme<\/b>, Washington Square, NYC, USA<\/li>\n<\/ol>\n<ol class=\"ol1\">\n<li class=\"li1\">&#8211; <b>Repr\u00e9sentation th\u00e9\u00e2trale sous commission<\/b>, Long Island Univ., Brooklyn, NY, USA<\/li>\n<\/ol>\n<ol class=\"ol1\">\n<li class=\"li1\">&#8211; <b>Repr\u00e9sentation th\u00e9\u00e2trale sous commission<\/b> Northern Illinois Univ., Delkalb, IL, USA<\/li>\n<\/ol>\n<p class=\"p1\">1976 &#8211;\u00a0<b>Mention Honorable<\/b>\u00a0; Exposition Nationale des Etudiants Gradu\u00e9s, <i>\u00ab\u00a0Celebration \u201876\u00a0\u00bb<\/i>,<\/p>\n<p class=\"p5\"><span class=\"Apple-converted-space\">\u00a0\u00a0 <\/span>Northern Illinois University, Dekalb, IL, USA<\/p>\n<p class=\"p5\">&#8211; <b>Prix d\u2019Acquisition<\/b>, 19\u00e8me Exposition Beloit et Environs, Wright Art Center,<\/p>\n<p class=\"p18\"><span class=\"Apple-converted-space\">\u00a0\u00a0 <\/span>Beloit College, Beloit, WI, USA<\/p>\n\n\t\t<\/div>\n\t<\/div>\n<\/div><\/div><\/div><\/div><div class=\"vc_row wpb_row vc_row-fluid\"><div class=\"wpb_column vc_column_container vc_col-sm-12\"><div class=\"vc_column-inner\"><div class=\"wpb_wrapper\">\n\t<div  class=\"wpb_single_image wpb_content_element vc_align_center\">\n\t\t\n\t\t<figure class=\"wpb_wrapper vc_figure\">\n\t\t\t<div class=\"vc_single_image-wrapper   vc_box_border_grey\"><img loading=\"lazy\" decoding=\"async\" width=\"678\" height=\"950\" src=\"https:\/\/riviera-king-real-estate.com\/wp-content\/uploads\/2022\/06\/3.png\" class=\"vc_single_image-img attachment-full\" alt=\"\" srcset=\"https:\/\/riviera-king-real-estate.com\/wp-content\/uploads\/2022\/06\/3.png 678w, https:\/\/riviera-king-real-estate.com\/wp-content\/uploads\/2022\/06\/3-214x300.png 214w, https:\/\/riviera-king-real-estate.com\/wp-content\/uploads\/2022\/06\/3-731x1024.png 731w, https:\/\/riviera-king-real-estate.com\/wp-content\/uploads\/2022\/06\/3-768x1076.png 768w, https:\/\/riviera-king-real-estate.com\/wp-content\/uploads\/2022\/06\/3-1097x1536.png 1097w, https:\/\/riviera-king-real-estate.com\/wp-content\/uploads\/2022\/06\/3-9x12.png 9w\" sizes=\"auto, (max-width: 678px) 100vw, 678px\" \/><\/div>\n\t\t<\/figure>\n\t<\/div>\n<\/div><\/div><\/div><\/div><div class=\"vc_row wpb_row vc_row-fluid\"><div class=\"wpb_column vc_column_container vc_col-sm-12\"><div class=\"vc_column-inner\"><div class=\"wpb_wrapper\"><div class=\"gel-social-icons\">\n\t<ul class=\"list-si si-normal si-center si-classic gel-69f3bece5e594\">\n\t\t\t\t\t\t\t\t<li class=\"social-facebook\">\n\t\t\t\t<a target=\"_blank\"\n\t\t\t\t   title=\"Facebook\"\n\t\t\t\t   href=\"https:\/\/www.facebook.com\/RivieraKingFrance\">\n\t\t\t\t\t<span>\n\t\t\t\t\t\t<i class=\"fab fa-facebook-f\"><\/i>\n\t\t\t\t\t\t<span>Facebook<\/span>\n\t\t\t\t\t<\/span>\n\t\t\t\t<\/a>\n\t\t\t<\/li>\n\t\t\t\t\t\t\t\t<li class=\"social-twitter\">\n\t\t\t\t<a target=\"_blank\"\n\t\t\t\t   title=\"Twitter\"\n\t\t\t\t   href=\"https:\/\/twitter.com\/riviera_king\">\n\t\t\t\t\t<span>\n\t\t\t\t\t\t<i class=\"fab fa-twitter\"><\/i>\n\t\t\t\t\t\t<span>Twitter<\/span>\n\t\t\t\t\t<\/span>\n\t\t\t\t<\/a>\n\t\t\t<\/li>\n\t\t\t\t\t\t\t\t<li class=\"social-linkedin\">\n\t\t\t\t<a target=\"_blank\"\n\t\t\t\t   title=\"LinkedIn\"\n\t\t\t\t   href=\"https:\/\/www.linkedin.com\/company\/riviera-king\/\">\n\t\t\t\t\t<span>\n\t\t\t\t\t\t<i class=\"fab fa-linkedin-in\"><\/i>\n\t\t\t\t\t\t<span>LinkedIn<\/span>\n\t\t\t\t\t<\/span>\n\t\t\t\t<\/a>\n\t\t\t<\/li>\n\t\t\t\t\t\t\t\t<li class=\"social-instagram\">\n\t\t\t\t<a target=\"_blank\"\n\t\t\t\t   title=\"instagram\"\n\t\t\t\t   href=\"https:\/\/www.instagram.com\/riviera.king\/\">\n\t\t\t\t\t<span>\n\t\t\t\t\t\t<i class=\"fab fa-instagram\"><\/i>\n\t\t\t\t\t\t<span>instagram<\/span>\n\t\t\t\t\t<\/span>\n\t\t\t\t<\/a>\n\t\t\t<\/li>\n\t\t\t<\/ul>\n<\/div><\/div><\/div><\/div><\/div>","protected":false},"excerpt":{"rendered":"Artiste Peintre Cindy WOLSFELD Exposition #4 - 25 Mars 2022 au 15 Juin - Entr\u00e9e Libre \/ Free Entry ART EXPOSITION OPENING \u2013 14 April 18h00-22h00 VERNISSAGE \u2013 VENDREDI -14 Avril 18h00 \u2013 22h00 RSVP : contact@riviera-king.com 1 RUE HENRY BIAIS 06230 VILLEFRANCHE-SUR-MER BIOGRAPHIE\u00a0 \u00a0 \u00a01953 - Born 0ct. 31, Aurora, Illinois USA. Rural Farm [...]","protected":false},"author":1,"featured_media":0,"parent":0,"menu_order":0,"comment_status":"closed","ping_status":"closed","template":"","meta":{"footnotes":""},"class_list":["post-385718","page","type-page","status-publish","hentry"],"acf":[],"yoast_head":"<!-- This site is optimized with the Yoast SEO Premium plugin v23.8 (Yoast SEO v27.5) - https:\/\/yoast.com\/product\/yoast-seo-premium-wordpress\/ -->\n<title>Exposition#4 Artiste Peintre : Cindy Wolsfeld<\/title>\n<meta name=\"description\" content=\"Pour cette quatri\u00e8me exposition au sein de notre agence immobili\u00e8re de Villefranche sur mer , nous accueillons Cindy Wolsfeld\" \/>\n<meta name=\"robots\" content=\"index, follow, max-snippet:-1, max-image-preview:large, max-video-preview:-1\" \/>\n<link rel=\"canonical\" href=\"https:\/\/riviera-king-real-estate.com\/it\/mostra3-artista-pittore-salette-viana\/\" \/>\n<meta property=\"og:locale\" content=\"it_IT\" \/>\n<meta property=\"og:type\" content=\"article\" \/>\n<meta property=\"og:title\" content=\"Riviera King- Agence immobili\u00e8re -\" \/>\n<meta property=\"og:description\" content=\"Exposition#4 Artiste Peintre : Cindy Wolsfeld\" \/>\n<meta property=\"og:url\" content=\"https:\/\/riviera-king-real-estate.com\/it\/mostra3-artista-pittore-salette-viana\/\" \/>\n<meta property=\"og:site_name\" content=\"Riviera King- Agence immobili\u00e8re\" \/>\n<meta property=\"article:publisher\" content=\"https:\/\/www.facebook.com\/RivieraKingFrance\" \/>\n<meta property=\"article:modified_time\" content=\"2022-06-11T07:43:10+00:00\" \/>\n<meta property=\"og:image\" content=\"https:\/\/riviera-king-real-estate.com\/wp-content\/uploads\/2022\/06\/1.jpeg\" \/>\n\t<meta property=\"og:image:width\" content=\"1267\" \/>\n\t<meta property=\"og:image:height\" content=\"950\" \/>\n\t<meta property=\"og:image:type\" content=\"image\/jpeg\" \/>\n<meta name=\"twitter:card\" content=\"summary_large_image\" \/>\n<meta name=\"twitter:title\" content=\"Exposition#4 Artiste Peintre : Cindy Wolsfeld\" \/>\n<meta name=\"twitter:site\" content=\"@riviera_king\" \/>\n<meta name=\"twitter:label1\" content=\"Tempo di lettura stimato\" \/>\n\t<meta name=\"twitter:data1\" content=\"7 minuti\" \/>\n<script type=\"application\/ld+json\" class=\"yoast-schema-graph\">{\"@context\":\"https:\\\/\\\/schema.org\",\"@graph\":[{\"@type\":\"WebPage\",\"@id\":\"https:\\\/\\\/riviera-king-real-estate.com\\\/fr\\\/exposition4-artiste-peintre-cindy-wolsfeld\\\/\",\"url\":\"https:\\\/\\\/riviera-king-real-estate.com\\\/fr\\\/exposition4-artiste-peintre-cindy-wolsfeld\\\/\",\"name\":\"Exposition#4 Artiste Peintre : Cindy Wolsfeld\",\"isPartOf\":{\"@id\":\"https:\\\/\\\/riviera-king-real-estate.com\\\/fr\\\/#website\"},\"datePublished\":\"2022-06-10T16:03:51+00:00\",\"dateModified\":\"2022-06-11T07:43:10+00:00\",\"description\":\"Pour cette quatri\u00e8me exposition au sein de notre agence immobili\u00e8re de Villefranche sur mer , nous accueillons Cindy Wolsfeld\",\"breadcrumb\":{\"@id\":\"https:\\\/\\\/riviera-king-real-estate.com\\\/fr\\\/exposition4-artiste-peintre-cindy-wolsfeld\\\/#breadcrumb\"},\"inLanguage\":\"it-IT\",\"potentialAction\":[{\"@type\":\"ReadAction\",\"target\":[\"https:\\\/\\\/riviera-king-real-estate.com\\\/fr\\\/exposition4-artiste-peintre-cindy-wolsfeld\\\/\"]}]},{\"@type\":\"BreadcrumbList\",\"@id\":\"https:\\\/\\\/riviera-king-real-estate.com\\\/fr\\\/exposition4-artiste-peintre-cindy-wolsfeld\\\/#breadcrumb\",\"itemListElement\":[{\"@type\":\"ListItem\",\"position\":1,\"name\":\"Accueil\",\"item\":\"https:\\\/\\\/riviera-king-real-estate.com\\\/fr\\\/\"},{\"@type\":\"ListItem\",\"position\":2,\"name\":\"Exposition#4 Artiste Peintre : Cindy Wolsfeld\"}]},{\"@type\":\"WebSite\",\"@id\":\"https:\\\/\\\/riviera-king-real-estate.com\\\/fr\\\/#website\",\"url\":\"https:\\\/\\\/riviera-king-real-estate.com\\\/fr\\\/\",\"name\":\"Riviera King- Agence immobili\u00e8re\",\"description\":\"immobilier Villefranche sur mer\",\"publisher\":{\"@id\":\"https:\\\/\\\/riviera-king-real-estate.com\\\/fr\\\/#organization\"},\"potentialAction\":[{\"@type\":\"SearchAction\",\"target\":{\"@type\":\"EntryPoint\",\"urlTemplate\":\"https:\\\/\\\/riviera-king-real-estate.com\\\/fr\\\/?s={search_term_string}\"},\"query-input\":{\"@type\":\"PropertyValueSpecification\",\"valueRequired\":true,\"valueName\":\"search_term_string\"}}],\"inLanguage\":\"it-IT\"},{\"@type\":\"Organization\",\"@id\":\"https:\\\/\\\/riviera-king-real-estate.com\\\/fr\\\/#organization\",\"name\":\"Riviera King - AKORIMMO\",\"url\":\"https:\\\/\\\/riviera-king-real-estate.com\\\/fr\\\/\",\"logo\":{\"@type\":\"ImageObject\",\"inLanguage\":\"it-IT\",\"@id\":\"https:\\\/\\\/riviera-king-real-estate.com\\\/fr\\\/#\\\/schema\\\/logo\\\/image\\\/\",\"url\":\"https:\\\/\\\/riviera-king-real-estate.com\\\/wp-content\\\/uploads\\\/2021\\\/06\\\/RivieraKing-Akorimmo_Logo_Blanc-1-scaled.jpg\",\"contentUrl\":\"https:\\\/\\\/riviera-king-real-estate.com\\\/wp-content\\\/uploads\\\/2021\\\/06\\\/RivieraKing-Akorimmo_Logo_Blanc-1-scaled.jpg\",\"width\":1400,\"height\":472,\"caption\":\"Riviera King - AKORIMMO\"},\"image\":{\"@id\":\"https:\\\/\\\/riviera-king-real-estate.com\\\/fr\\\/#\\\/schema\\\/logo\\\/image\\\/\"},\"sameAs\":[\"https:\\\/\\\/www.facebook.com\\\/RivieraKingFrance\",\"https:\\\/\\\/x.com\\\/riviera_king\",\"https:\\\/\\\/www.instagram.com\\\/riviera.king\\\/\"]}]}<\/script>\n<!-- \/ Yoast SEO Premium plugin. -->","yoast_head_json":{"title":"Exposition#4 Artiste Peintre : Cindy Wolsfeld","description":"Pour cette quatri\u00e8me exposition au sein de notre agence immobili\u00e8re de Villefranche sur mer , nous accueillons Cindy Wolsfeld","robots":{"index":"index","follow":"follow","max-snippet":"max-snippet:-1","max-image-preview":"max-image-preview:large","max-video-preview":"max-video-preview:-1"},"canonical":"https:\/\/riviera-king-real-estate.com\/it\/mostra3-artista-pittore-salette-viana\/","og_locale":"it_IT","og_type":"article","og_title":"Riviera King- Agence immobili\u00e8re -","og_description":"Exposition#4 Artiste Peintre : Cindy Wolsfeld","og_url":"https:\/\/riviera-king-real-estate.com\/it\/mostra3-artista-pittore-salette-viana\/","og_site_name":"Riviera King- Agence immobili\u00e8re","article_publisher":"https:\/\/www.facebook.com\/RivieraKingFrance","article_modified_time":"2022-06-11T07:43:10+00:00","og_image":[{"width":1267,"height":950,"url":"https:\/\/riviera-king-real-estate.com\/wp-content\/uploads\/2022\/06\/1.jpeg","type":"image\/jpeg"}],"twitter_card":"summary_large_image","twitter_title":"Exposition#4 Artiste Peintre : Cindy Wolsfeld","twitter_site":"@riviera_king","twitter_misc":{"Tempo di lettura stimato":"7 minuti"},"schema":{"@context":"https:\/\/schema.org","@graph":[{"@type":"WebPage","@id":"https:\/\/riviera-king-real-estate.com\/fr\/exposition4-artiste-peintre-cindy-wolsfeld\/","url":"https:\/\/riviera-king-real-estate.com\/fr\/exposition4-artiste-peintre-cindy-wolsfeld\/","name":"Exposition#4 Artiste Peintre : Cindy Wolsfeld","isPartOf":{"@id":"https:\/\/riviera-king-real-estate.com\/fr\/#website"},"datePublished":"2022-06-10T16:03:51+00:00","dateModified":"2022-06-11T07:43:10+00:00","description":"Pour cette quatri\u00e8me exposition au sein de notre agence immobili\u00e8re de Villefranche sur mer , nous accueillons Cindy Wolsfeld","breadcrumb":{"@id":"https:\/\/riviera-king-real-estate.com\/fr\/exposition4-artiste-peintre-cindy-wolsfeld\/#breadcrumb"},"inLanguage":"it-IT","potentialAction":[{"@type":"ReadAction","target":["https:\/\/riviera-king-real-estate.com\/fr\/exposition4-artiste-peintre-cindy-wolsfeld\/"]}]},{"@type":"BreadcrumbList","@id":"https:\/\/riviera-king-real-estate.com\/fr\/exposition4-artiste-peintre-cindy-wolsfeld\/#breadcrumb","itemListElement":[{"@type":"ListItem","position":1,"name":"Accueil","item":"https:\/\/riviera-king-real-estate.com\/fr\/"},{"@type":"ListItem","position":2,"name":"Exposition#4 Artiste Peintre : Cindy Wolsfeld"}]},{"@type":"WebSite","@id":"https:\/\/riviera-king-real-estate.com\/fr\/#website","url":"https:\/\/riviera-king-real-estate.com\/fr\/","name":"Riviera King- Agence immobili\u00e8re","description":"immobiliare Villefranche sur mer","publisher":{"@id":"https:\/\/riviera-king-real-estate.com\/fr\/#organization"},"potentialAction":[{"@type":"SearchAction","target":{"@type":"EntryPoint","urlTemplate":"https:\/\/riviera-king-real-estate.com\/fr\/?s={search_term_string}"},"query-input":{"@type":"PropertyValueSpecification","valueRequired":true,"valueName":"search_term_string"}}],"inLanguage":"it-IT"},{"@type":"Organization","@id":"https:\/\/riviera-king-real-estate.com\/fr\/#organization","name":"Riviera King - AKORIMMO","url":"https:\/\/riviera-king-real-estate.com\/fr\/","logo":{"@type":"ImageObject","inLanguage":"it-IT","@id":"https:\/\/riviera-king-real-estate.com\/fr\/#\/schema\/logo\/image\/","url":"https:\/\/riviera-king-real-estate.com\/wp-content\/uploads\/2021\/06\/RivieraKing-Akorimmo_Logo_Blanc-1-scaled.jpg","contentUrl":"https:\/\/riviera-king-real-estate.com\/wp-content\/uploads\/2021\/06\/RivieraKing-Akorimmo_Logo_Blanc-1-scaled.jpg","width":1400,"height":472,"caption":"Riviera King - AKORIMMO"},"image":{"@id":"https:\/\/riviera-king-real-estate.com\/fr\/#\/schema\/logo\/image\/"},"sameAs":["https:\/\/www.facebook.com\/RivieraKingFrance","https:\/\/x.com\/riviera_king","https:\/\/www.instagram.com\/riviera.king\/"]}]}},"_links":{"self":[{"href":"https:\/\/riviera-king-real-estate.com\/it\/wp-json\/wp\/v2\/pages\/385718","targetHints":{"allow":["GET"]}}],"collection":[{"href":"https:\/\/riviera-king-real-estate.com\/it\/wp-json\/wp\/v2\/pages"}],"about":[{"href":"https:\/\/riviera-king-real-estate.com\/it\/wp-json\/wp\/v2\/types\/page"}],"author":[{"embeddable":true,"href":"https:\/\/riviera-king-real-estate.com\/it\/wp-json\/wp\/v2\/users\/1"}],"replies":[{"embeddable":true,"href":"https:\/\/riviera-king-real-estate.com\/it\/wp-json\/wp\/v2\/comments?post=385718"}],"version-history":[{"count":0,"href":"https:\/\/riviera-king-real-estate.com\/it\/wp-json\/wp\/v2\/pages\/385718\/revisions"}],"wp:attachment":[{"href":"https:\/\/riviera-king-real-estate.com\/it\/wp-json\/wp\/v2\/media?parent=385718"}],"curies":[{"name":"wp","href":"https:\/\/api.w.org\/{rel}","templated":true}]}}